{"version":"1.0","provider_name":"michaelgkarnavas.net\/Blog","provider_url":"https:\/\/michaelgkarnavas.net\/blog","title":"\u010casni prkos generala Slobodana Praljka - michaelgkarnavas.net\/Blog","type":"rich","width":600,"height":338,"html":"<blockquote class=\"wp-embedded-content\" data-secret=\"mO0pC7VWXy\"><a href=\"https:\/\/michaelgkarnavas.net\/blog\/2017\/12\/05\/slobodan-praljak\/\">\u010casni prkos generala Slobodana Praljka<\/a><\/blockquote><iframe sandbox=\"allow-scripts\" security=\"restricted\" src=\"https:\/\/michaelgkarnavas.net\/blog\/2017\/12\/05\/slobodan-praljak\/embed\/#?secret=mO0pC7VWXy\" width=\"600\" height=\"338\" title=\"&#8220;\u010casni prkos generala Slobodana Praljka&#8221; &#8212; michaelgkarnavas.net\/Blog\" data-secret=\"mO0pC7VWXy\" frameborder=\"0\" marginwidth=\"0\" marginheight=\"0\" scrolling=\"no\" class=\"wp-embedded-content\"><\/iframe><script>\n\/*! This file is auto-generated *\/\n!function(d,l){\"use strict\";l.querySelector&&d.addEventListener&&\"undefined\"!=typeof URL&&(d.wp=d.wp||{},d.wp.receiveEmbedMessage||(d.wp.receiveEmbedMessage=function(e){var t=e.data;if((t||t.secret||t.message||t.value)&&!\/[^a-zA-Z0-9]\/.test(t.secret)){for(var s,r,n,a=l.querySelectorAll('iframe[data-secret=\"'+t.secret+'\"]'),o=l.querySelectorAll('blockquote[data-secret=\"'+t.secret+'\"]'),c=new RegExp(\"^https?:$\",\"i\"),i=0;i<o.length;i++)o[i].style.display=\"none\";for(i=0;i<a.length;i++)s=a[i],e.source===s.contentWindow&&(s.removeAttribute(\"style\"),\"height\"===t.message?(1e3<(r=parseInt(t.value,10))?r=1e3:~~r<200&&(r=200),s.height=r):\"link\"===t.message&&(r=new URL(s.getAttribute(\"src\")),n=new URL(t.value),c.test(n.protocol))&&n.host===r.host&&l.activeElement===s&&(d.top.location.href=t.value))}},d.addEventListener(\"message\",d.wp.receiveEmbedMessage,!1),l.addEventListener(\"DOMContentLoaded\",function(){for(var e,t,s=l.querySelectorAll(\"iframe.wp-embedded-content\"),r=0;r<s.length;r++)(t=(e=s[r]).getAttribute(\"data-secret\"))||(t=Math.random().toString(36).substring(2,12),e.src+=\"#?secret=\"+t,e.setAttribute(\"data-secret\",t)),e.contentWindow.postMessage({message:\"ready\",secret:t},\"*\")},!1)))}(window,document);\n\/\/# sourceURL=https:\/\/michaelgkarnavas.net\/blog\/wp-includes\/js\/wp-embed.min.js\n<\/script>\n","description":"Odslu\u0161av\u0161i sa\u017eetak presude u \u017ealbenom postupku i ustav\u0161i da \u010duje litaniju zlo\u010dina koje je utvrdilo \u017dalbeno vije\u0107e prije nego mu je potvr\u0111ena presuda na 20 godina zatvora, general Slobodan Praljak uzeo si je vlastiti \u017eivot popiv\u0161i otrov \u2013 ali tek nakon \u0161to je izrazio svoj krajnji prijezir prema presudi, a dalje i prijezir prema sudcima &hellip; Continue reading \"\"","thumbnail_url":"http:\/\/michaelgkarnavas.net\/blog\/wp-content\/uploads\/2017\/12\/slobodan_praljak-300x225.jpg"}